{"id":137,"date":"2020-05-04T10:07:34","date_gmt":"2020-05-04T07:07:34","guid":{"rendered":"https:\/\/demo.z4mmedya.com\/eskdinamik\/?page_id=137"},"modified":"2023-05-03T14:09:26","modified_gmt":"2023-05-03T11:09:26","slug":"akustik-danismanlik","status":"publish","type":"page","link":"https:\/\/www.eskakustik.com\/fr\/servislerimiz\/akustik-danismanlik\/","title":{"rendered":"Conseil Acoustique"},"content":{"rendered":"<p class=\"qtranxs-available-languages-message qtranxs-available-languages-message-fr\">Malheureusement, il n'est pas disponible dans cette langue, vous pouvez acc\u00e9der \u00e0 notre article dans nos autres langues par le haut.<\/p><p>Akustik \u00fcr\u00fcnler, uyguland\u0131\u011f\u0131 alanlardaki konumu, uyumu, kullan\u0131labilirli\u011fi ve teknik olarak akustik ve ses disiplinleri a\u00e7\u0131s\u0131ndan b\u00fcy\u00fck \u00f6nem ta\u015f\u0131r. Uygulama alanlar\u0131 mimari olarak yorumlan\u0131rken bu disiplinlere g\u00f6re tasar\u0131m yap\u0131lmas\u0131 gerekir. Mimari akustik, alanlar\u0131 hem teknik hem de \u00fcr\u00fcn odakl\u0131 incelerken, i\u00e7 ve d\u0131\u015f kaynakl\u0131 olu\u015fan g\u00fcr\u00fclt\u00fclerin denetlenmesini, yap\u0131 aksuti\u011fi ve hacim akusti\u011fi olarak ikiye ay\u0131r\u0131r. Hacim akusti\u011fi, ses kayna\u011f\u0131ndan \u00e7\u0131kan seslerin hacimde bulunan dinleyicilere, nitelik ve nicelik a\u00e7\u0131s\u0131ndan en verimli \u015fekilde ula\u015fmas\u0131n\u0131 sa\u011flayan akustik dal\u0131d\u0131r. Bu hacimler ba\u015fl\u0131ca, i\u015fitsel etkinli\u011fin birinci derecede \u00f6nemli oldu\u011fu kongre, konferans ve konser salonlar\u0131 ile g\u00f6rsel etkinli\u011fin \u00f6nemli oldu\u011fu tiyatro, opera, sinema salonlar\u0131 gibi mekanlard\u0131r.<\/p>\n<p>ESK Akustik, uzun y\u0131llard\u0131r deneyimli oldu\u011fu akustik panel \u00fcretiminin yan\u0131s\u0131ra, hacim akusti\u011fi alan\u0131nda akustik dan\u0131\u015fmanl\u0131k hizmeti vermektedir. Akustik dan\u0131\u015fmanl\u0131\u011f\u0131m\u0131z\u0131, analiz, modelleme, tasar\u0131m ve belgelendirme ad\u0131mlar\u0131na uygun olarak planlamaktay\u0131z. Uluslararas\u0131 standartlar do\u011frultusunda verdi\u011fimiz ba\u015fl\u0131ca hizmetler;<\/p>\n<ul>\n<li>Akustik Tasar\u0131m ve Modelleme<\/li>\n<li>\u0130\u00e7 Mimari Tasar\u0131m<\/li>\n<li>ISO, EN ve TS Standartlar\u0131na G\u00f6re Akustik \u00d6l\u00e7\u00fcm ve Raporlama<\/li>\n<li>Hacim ve Yap\u0131 Akusti\u011fi<\/li>\n<li>Sistem Detaylar\u0131n\u0131n ve Teknik \u015eartnamelerin Haz\u0131rlanmas\u0131<\/li>\n<li>LEED ve BREAAM kriterlerine g\u00f6re Akustik Projelendirme<\/li>\n<li>\u00d6zel Akustik \u00dcr\u00fcnlerin Tasar\u0131m\u0131 ve \u00dcretimidir.<\/li>\n<\/ul>\n<p>Akustik dan\u0131\u015fmanl\u0131k hizmetimizin en \u00f6nemli unsuru olan hacim akusti\u011fi konusunda a\u015fa\u011f\u0131daki \u00f6l\u00e7\u00fcmleri g\u00fcn\u00fcm\u00fcz\u00fcn en yeni teknolojilerine ve standarlar\u0131na uygun olarak ger\u00e7ekle\u015ftirmekteyiz.<\/p>\n<ul>\n<li>Yans\u0131\u015f\u0131m S\u00fcresi(RT60) \u00d6l\u00e7\u00fcmleri<\/li>\n<li>Konu\u015fman\u0131n Anla\u015f\u0131labilirli\u011fi (STI) \u00d6l\u00e7\u00fcm\u00fc<\/li>\n<li>Erken D\u00fc\u015fme S\u00fcresi (EDT) \u00d6l\u00e7\u00fcmleri<\/li>\n<li>Ses Bas\u0131n\u00e7 D\u00fczeyi (SPL) \u00d6l\u00e7\u00fcm\u00fc<\/li>\n<li>Netlik ve Tan\u0131ml\u0131l\u0131k (C80 ve D50) \u00d6l\u00e7\u00fcmleri<\/li>\n<\/ul>\n<p><\/p>","protected":false},"excerpt":{"rendered":"<p>Malheureusement, il n&rsquo;est pas disponible dans cette langue, vous pouvez acc\u00e9der \u00e0 notre article dans nos autres langues par le haut.Akustik \u00fcr\u00fcnler, uyguland\u0131\u011f\u0131 alanlardaki konumu, uyumu, kullan\u0131labilirli\u011fi ve teknik olarak akustik ve ses disiplinleri a\u00e7\u0131s\u0131ndan b\u00fcy\u00fck \u00f6nem ta\u015f\u0131r. Uygulama alanlar\u0131 mimari olarak yorumlan\u0131rken bu disiplinlere g\u00f6re tasar\u0131m yap\u0131lmas\u0131 gerekir. Mimari akustik, alanlar\u0131 hem teknik hem [&hellip;]<\/p>\n","protected":false},"author":4,"featured_media":1082,"parent":133,"menu_order":19,"comment_status":"closed","ping_status":"closed","template":"","meta":{"footnotes":""},"acf":[],"aioseo_notices":[],"_links":{"self":[{"href":"https:\/\/www.eskakustik.com\/fr\/wp-json\/wp\/v2\/pages\/137"}],"collection":[{"href":"https:\/\/www.eskakustik.com\/fr\/wp-json\/wp\/v2\/pages"}],"about":[{"href":"https:\/\/www.eskakustik.com\/fr\/wp-json\/wp\/v2\/types\/page"}],"author":[{"embeddable":true,"href":"https:\/\/www.eskakustik.com\/fr\/wp-json\/wp\/v2\/users\/4"}],"replies":[{"embeddable":true,"href":"https:\/\/www.eskakustik.com\/fr\/wp-json\/wp\/v2\/comments?post=137"}],"version-history":[{"count":1,"href":"https:\/\/www.eskakustik.com\/fr\/wp-json\/wp\/v2\/pages\/137\/revisions"}],"predecessor-version":[{"id":43314,"href":"https:\/\/www.eskakustik.com\/fr\/wp-json\/wp\/v2\/pages\/137\/revisions\/43314"}],"up":[{"embeddable":true,"href":"https:\/\/www.eskakustik.com\/fr\/wp-json\/wp\/v2\/pages\/133"}],"wp:featuredmedia":[{"embeddable":true,"href":"https:\/\/www.eskakustik.com\/fr\/wp-json\/wp\/v2\/media\/1082"}],"wp:attachment":[{"href":"https:\/\/www.eskakustik.com\/fr\/wp-json\/wp\/v2\/media?parent=137"}],"curies":[{"name":"wp","href":"https:\/\/api.w.org\/{rel}","templated":true}]}}